


{"id":13,"date":"2016-03-08T14:53:38","date_gmt":"2016-03-08T14:53:38","guid":{"rendered":"http:\/\/www.paroquiadesilgueiros.pt?page_id=13"},"modified":"2026-08-10T15:08:45","modified_gmt":"2026-08-10T15:08:45","slug":"home-2","status":"publish","type":"page","link":"https:\/\/www.paroquiadesilgueiros.pt\/","title":{"rendered":"Tempo Comum"},"content":{"rendered":"<p>&nbsp;<\/p>\n<p>&nbsp;<\/p>\n<p style=\"text-align: center;\"><span style=\"color: #008000;\"><strong><span style=\"font-size: 24pt;\">XX Domingo do Tempo Comum<\/span><\/strong><\/span><\/p>\n<p>&nbsp;<\/p>\n<p>&nbsp;<\/p>\n<p style=\"text-align: center;\"><span style=\"color: #ff0000;\"><span style=\"font-size: 24pt;\"><em>Ano<\/em><\/span><\/span><span style=\"font-size: 18pt; color: #ff0000;\"><em> A<\/em><\/span><\/p>\n<p>&nbsp;<\/p>\n<p>&nbsp;<\/p>\n<p style=\"text-align: center;\"><span style=\"font-size: 18pt; color: #000080;\">16 de Agosto de 2026<\/span><\/p>\n<p><span style=\"font-size: 14pt;\">\u00a0<\/span><\/p>\n<p><span style=\"font-size: 14pt;\">\u00a0 \u00a0 \u00a0 \u00a0 \u00a0 \u00a0 A liturgia do 20\u00ba Domingo do Tempo Comum reflecte sobre a universalidade da salva\u00e7\u00e3o. Deus ama cada um dos seus filhos e a todos convida para o banquete do Reino.<\/span><br \/>\n<span style=\"font-size: 14pt;\">\u00a0 \u00a0 \u00a0 \u00a0 \u00a0 \u00a0 Na primeira leitura, Jahw\u00e9h garante ao seu Povo a chegada de uma nova era, na qual se vai revelar plenamente a salva\u00e7\u00e3o de Deus. No entanto, essa salva\u00e7\u00e3o n\u00e3o se destina apenas a Israel: destina-se a todos os homens e mulheres que aceitarem o convite para integrar a comunidade do Povo de Deus.<\/span><br \/>\n<span style=\"font-size: 14pt;\">\u00a0 \u00a0 \u00a0 \u00a0 \u00a0 \u00a0 O Evangelho apresenta a realiza\u00e7\u00e3o da profecia do Trito-Isa\u00edas, apresentada na primeira leitura deste domingo. Jesus, depois de constatar como os fariseus e os doutores da Lei recusam a sua proposta do Reino, entra numa regi\u00e3o pag\u00e3 e demonstra como os pag\u00e3os s\u00e3o dignos de acolher o dom de Deus. Face \u00e0 grandeza da f\u00e9 da mulher cananeia, Jesus oferece-lhe essa salva\u00e7\u00e3o que Deus prometeu derramar sobre todos os homens e mulheres, sem excep\u00e7\u00e3o.<\/span><br \/>\n<span style=\"font-size: 14pt;\">\u00a0 \u00a0 \u00a0 \u00a0 \u00a0 \u00a0 A segunda leitura sugere que a miseric\u00f3rdia de Deus se derrama sobre todos os seus filhos, mesmo sobre aqueles que, como Israel, rejeitam as suas propostas. Deus respeita sempre as op\u00e7\u00f5es dos homens; mas n\u00e3o desiste de propor, em todos os momentos e a todos os seus filhos, oportunidades novas de acolher essa salva\u00e7\u00e3o que Ele quer oferecer.<\/span><span style=\"font-size: 14pt;\">\u00a0<\/span> \u00a0 \u00a0<span style=\"font-size: 12pt;\"> <em>(Dehonianos)<\/em><\/span><\/p>\n<p><span style=\"font-size: 14pt;\">\u00a0 \u00a0 \u00a0 \u00a0 \u00a0<\/span><\/p>\n<p><span style=\"font-size: 14pt;\">\u00a0 \u00a0 \u00a0 \u00a0<\/span><\/p>\n<p>\u00a0<span style=\"font-size: 14pt;\">\u00a0 \u00a0 \u00a0 \u00a0<\/span><\/p>\n<p><span style=\"font-size: 14pt;\">\u00a0 \u00a0 \u00a0 \u00a0 \u00a0 \u00a0<\/span><\/p>\n<p>&nbsp;<\/p>\n<p style=\"text-align: justify;\">\u00a0<\/p>\n<p><span style=\"font-size: 14pt;\">\u00a0\u00a0<\/span><\/p>\n<p>\u00a0 \u00a0 \u00a0 \u00a0 \u00a0 <span style=\"font-size: 14pt;\">\u00a0 \u00a0<\/span><\/p>\n<p><span style=\"font-size: 14pt;\">\u00a0 <br \/>\n<\/span><\/p>\n<p><span style=\"font-size: 14pt;\">\u00a0\u00a0<\/span> <span style=\"font-size: 14pt;\">\u00a0\u00a0\u00a0\u00a0<\/span><span style=\"font-size: 14pt;\">\u00a0\u00a0\u00a0\u00a0\u00a0\u00a0\u00a0\u00a0\u00a0 <br \/>\n<\/span><\/p>\n<p>&nbsp;<\/p>\n<p><span style=\"font-size: 14pt;\">\u00a0\u00a0\u00a0\u00a0\u00a0\u00a0\u00a0\u00a0\u00a0<\/span><\/p>\n<p>&nbsp;<\/p>\n<p><span style=\"font-size: 14pt;\">\u00a0 <br \/>\n<\/span><\/p>\n<p><span style=\"font-size: 14pt;\">\u00a0\u00a0<\/span><\/p>\n<p>&nbsp;<\/p>\n<p>\u00a0\u00a0\u00a0\u00a0\u00a0\u00a0\u00a0\u00a0\u00a0\u00a0\u00a0<span style=\"font-size: 14pt;\">\u00a0<\/span><\/p>\n<p><span style=\"font-size: 14pt;\">\u00a0\u00a0\u00a0\u00a0\u00a0\u00a0\u00a0\u00a0\u00a0<\/span><\/p>\n<p><span style=\"font-size: 14pt;\">\u00a0\u00a0\u00a0\u00a0\u00a0\u00a0\u00a0\u00a0\u00a0\u00a0<\/span><\/p>\n<p><span style=\"font-size: 14pt;\">\u00a0\u00a0\u00a0\u00a0\u00a0\u00a0\u00a0\u00a0\u00a0\u00a0\u00a0<\/span><\/p>\n<p>\u00a0\u00a0\u00a0\u00a0\u00a0\u00a0\u00a0\u00a0\u00a0<span style=\"font-size: 14pt;\"> \u00a0<\/span><span style=\"font-size: 14pt;\"> \u00a0\u00a0\u00a0\u00a0\u00a0 <br \/>\n<\/span><\/p>\n<p>\u00a0\u00a0<span style=\"font-size: 14pt;\"> \u00a0\u00a0\u00a0\u00a0\u00a0\u00a0\u00a0\u00a0<\/span><\/p>\n<p>&nbsp;<\/p>\n<p><span style=\"font-size: 14pt;\">\u00a0<\/span><span style=\"font-size: 14pt; color: #008000;\"><em> \u00a0\u00a0\u00a0\u00a0\u00a0\u00a0\u00a0 <br \/>\n<\/em><\/span><\/p>\n<p>&nbsp;<\/p>\n<p>&nbsp;<\/p>\n<p>&nbsp;<\/p>\n<p><span style=\"font-size: 14pt;\"> \u00a0\u00a0\u00a0\u00a0\u00a0\u00a0 <br \/>\n<\/span><\/p>\n<p>\u00a0\u00a0\u00a0\u00a0\u00a0\u00a0\u00a0\u00a0\u00a0\u00a0\u00a0\u00a0<span style=\"font-size: 14pt;\"> \u00a0\u00a0<\/span><\/p>\n<p><span style=\"font-size: 14pt;\">\u00a0<\/span><\/p>\n<p><span style=\"font-size: 14pt;\">\u00a0\u00a0\u00a0\u00a0\u00a0\u00a0 <br \/>\n<\/span><\/p>\n<p><span style=\"font-size: 14pt;\">\u00a0\u00a0\u00a0\u00a0\u00a0 <\/span><\/p>\n<p><span style=\"font-size: 18pt;\"><strong><span style=\"color: #0000ff; font-size: 24pt;\">\u00a0<\/span><\/strong><\/span><\/p>\n<p>&nbsp;<\/p>\n<p>&nbsp;<\/p>\n<p>&nbsp;<\/p>\n<p>&nbsp;<\/p>\n<p style=\"text-align: justify;\"><span style=\"font-size: 14pt;\">\u00a0\u00a0\u00a0\u00a0\u00a0\u00a0<\/span><\/p>\n<p>&nbsp;<\/p>\n","protected":false},"excerpt":{"rendered":"<p>&nbsp; &nbsp; XX Domingo do Tempo Comum &nbsp; &nbsp; Ano A &nbsp; &nbsp; 16 de Agosto de 2026 \u00a0 \u00a0 \u00a0 \u00a0 \u00a0 \u00a0 \u00a0 A liturgia do 20\u00ba Domingo do Tempo Comum reflecte sobre a universalidade da salva\u00e7\u00e3o. Deus ama cada um dos seus filhos e a todos convida para o banquete do Reino. <a class=\"moretag\" href=\"https:\/\/www.paroquiadesilgueiros.pt\/\"> Read more &rarr; <\/a><\/p>\n","protected":false},"author":1,"featured_media":0,"parent":0,"menu_order":0,"comment_status":"closed","ping_status":"closed","template":"","meta":{"footnotes":""},"_links":{"self":[{"href":"https:\/\/www.paroquiadesilgueiros.pt\/index.php?rest_route=\/wp\/v2\/pages\/13"}],"collection":[{"href":"https:\/\/www.paroquiadesilgueiros.pt\/index.php?rest_route=\/wp\/v2\/pages"}],"about":[{"href":"https:\/\/www.paroquiadesilgueiros.pt\/index.php?rest_route=\/wp\/v2\/types\/page"}],"author":[{"embeddable":true,"href":"https:\/\/www.paroquiadesilgueiros.pt\/index.php?rest_route=\/wp\/v2\/users\/1"}],"replies":[{"embeddable":true,"href":"https:\/\/www.paroquiadesilgueiros.pt\/index.php?rest_route=%2Fwp%2Fv2%2Fcomments&post=13"}],"version-history":[{"count":1014,"href":"https:\/\/www.paroquiadesilgueiros.pt\/index.php?rest_route=\/wp\/v2\/pages\/13\/revisions"}],"predecessor-version":[{"id":5716,"href":"https:\/\/www.paroquiadesilgueiros.pt\/index.php?rest_route=\/wp\/v2\/pages\/13\/revisions\/5716"}],"wp:attachment":[{"href":"https:\/\/www.paroquiadesilgueiros.pt\/index.php?rest_route=%2Fwp%2Fv2%2Fmedia&parent=13"}],"curies":[{"name":"wp","href":"https:\/\/api.w.org\/{rel}","templated":true}]}}